 {"version":"1.0","provider_name":"Blog de Rayuelainfancia","provider_url":"https:\/\/www.rayuelainfancia.com\/blog","author_name":"Miguel Escalera Nieto","author_url":"https:\/\/www.rayuelainfancia.com\/blog\/author\/mescalera\/","title":"13 DE NOVIEMBRE: D\u00cdA DE LAS LIBRER\u00cdAS &#8902; Blog de Rayuelainfancia","type":"rich","width":600,"height":338,"html":"<blockquote class=\"wp-embedded-content\" data-secret=\"WOlKHcJrNO\"><a href=\"https:\/\/www.rayuelainfancia.com\/blog\/13-de-noviembre-dia-de-las-librerias\/\">13 DE NOVIEMBRE: D\u00cdA DE LAS LIBRER\u00cdAS<\/a><\/blockquote><iframe sandbox=\"allow-scripts\" security=\"restricted\" src=\"https:\/\/www.rayuelainfancia.com\/blog\/13-de-noviembre-dia-de-las-librerias\/embed\/#?secret=WOlKHcJrNO\" width=\"600\" height=\"338\" title=\"\u00ab13 DE NOVIEMBRE: D\u00cdA DE LAS LIBRER\u00cdAS\u00bb \u2014 Blog de Rayuelainfancia\" data-secret=\"WOlKHcJrNO\" frameborder=\"0\" marginwidth=\"0\" marginheight=\"0\" scrolling=\"no\" class=\"wp-embedded-content\"><\/iframe><script type=\"text\/javascript\">\n\/*! This file is auto-generated *\/\n!function(c,d){\"use strict\";var e=!1,o=!1;if(d.querySelector)if(c.addEventListener)e=!0;if(c.wp=c.wp||{},!c.wp.receiveEmbedMessage)if(c.wp.receiveEmbedMessage=function(e){var t=e.data;if(t)if(t.secret||t.message||t.value)if(!\/[^a-zA-Z0-9]\/.test(t.secret)){for(var r,a,i,s=d.querySelectorAll('iframe[data-secret=\"'+t.secret+'\"]'),n=d.querySelectorAll('blockquote[data-secret=\"'+t.secret+'\"]'),o=0;o<n.length;o++)n[o].style.display=\"none\";for(o=0;o<s.length;o++)if(r=s[o],e.source===r.contentWindow){if(r.removeAttribute(\"style\"),\"height\"===t.message){if(1e3<(i=parseInt(t.value,10)))i=1e3;else if(~~i<200)i=200;r.height=i}if(\"link\"===t.message)if(a=d.createElement(\"a\"),i=d.createElement(\"a\"),a.href=r.getAttribute(\"src\"),i.href=t.value,i.host===a.host)if(d.activeElement===r)c.top.location.href=t.value}}},e)c.addEventListener(\"message\",c.wp.receiveEmbedMessage,!1),d.addEventListener(\"DOMContentLoaded\",t,!1),c.addEventListener(\"load\",t,!1);function t(){if(!o){o=!0;for(var e,t,r,a=-1!==navigator.appVersion.indexOf(\"MSIE 10\"),i=!!navigator.userAgent.match(\/Trident.*rv:11\\.\/),s=d.querySelectorAll(\"iframe.wp-embedded-content\"),n=0;n<s.length;n++){if(!(r=(t=s[n]).getAttribute(\"data-secret\")))r=Math.random().toString(36).substr(2,10),t.src+=\"#?secret=\"+r,t.setAttribute(\"data-secret\",r);if(a||i)(e=t.cloneNode(!0)).removeAttribute(\"security\"),t.parentNode.replaceChild(e,t);t.contentWindow.postMessage({message:\"ready\",secret:r},\"*\")}}}}(window,document);\n<\/script>\n","thumbnail_url":"https:\/\/www.rayuelainfancia.com\/blog\/wp-content\/uploads\/2015\/10\/D\u00eda_de_las_librerias_2015_FACEBOOK_Castellano.png","thumbnail_width":1201,"thumbnail_height":1200,"description":"An\u00edmate y celebra con nosotros este D\u00cdA DE LAS LIBRER\u00cdAS. Coge un par de libros queridos bajo del brazo y VENTE A RAYUELA Cu\u00e9ntanos aqu\u00ed, en la librer\u00eda, l\u00e9enos por favor, que estamos deseando escucharte. Para tus ni\u00f1as, para tus nietos, para tus sobrinos, para tu pareja. Te acogeremos con cari\u00f1o, en un sitito c\u00f3modo [&hellip;]"}